{"id":6249,"date":"2025-12-09T14:43:28","date_gmt":"2025-12-09T13:43:28","guid":{"rendered":"https:\/\/mgi-bpo.hu\/?post_type=szakmai-hirek&#038;p=6249"},"modified":"2025-12-09T14:55:08","modified_gmt":"2025-12-09T13:55:08","slug":"tax-conference-2025-brief-concise-to-the-point","status":"publish","type":"szakmai-hirek","link":"https:\/\/mgi-bpo.hu\/en\/news\/tax-conference-2025-brief-concise-to-the-point\/","title":{"rendered":"Tax Conference 2025 \u2013 Brief, Concise, to the Point"},"content":{"rendered":"<p data-start=\"94\" data-end=\"291\">Last Thursday, we once again held our annual Tax Conference, a tradition among our clients for over 15 years. We are proud that this series continued uninterrupted even during the pandemic years.<\/p>\n<p data-start=\"293\" data-end=\"563\">This event is completely free for our clients because we believe that their success is our success as well. To ensure their businesses thrive, they need the right information \u2013 and we help filter through the noise of regulatory changes to highlight what truly matters.<\/p>\n<p data-start=\"565\" data-end=\"585\"><strong data-start=\"565\" data-end=\"583\">Who is it for?<\/strong><\/p>\n<p data-start=\"587\" data-end=\"936\">Primarily small and medium-sized enterprises with some form of international connection \u2013 whether through foreign owners or international clients. For many of our clients, it is essential to choose a service provider that is well-known in the market, operates transparently, and whose integrity is beyond question. We are especially proud of this.<\/p>\n<p data-start=\"938\" data-end=\"959\"><strong data-start=\"938\" data-end=\"957\">Topics covered:<\/strong><\/p>\n<ul data-start=\"961\" data-end=\"1976\">\n<li data-start=\"961\" data-end=\"1246\">\n<p data-start=\"963\" data-end=\"1246\"><strong data-start=\"963\" data-end=\"980\">Cybersecurity<\/strong> \u2013 Presented by \u00c1gnes S\u00fct\u0151, co-project leader of the CyberShield initiative. We sincerely thank her for joining us and introducing this highly useful initiative, which aims to raise awareness about digital fraud and help prevent it. More information: kiberpajzs.hu<\/p>\n<\/li>\n<li data-start=\"1248\" data-end=\"1356\">\n<p data-start=\"1250\" data-end=\"1356\"><strong data-start=\"1250\" data-end=\"1266\">VAT in Focus<\/strong> \u2013 Our tax lawyer partner, Zs\u00f3fi Kov\u00e1cs, analyzed the latest changes in VAT regulations.<\/p>\n<\/li>\n<li data-start=\"1358\" data-end=\"1614\">\n<p data-start=\"1360\" data-end=\"1614\"><strong data-start=\"1360\" data-end=\"1392\">Employment and Contributions<\/strong> \u2013 Ildik\u00f3 Kov\u00e1cs, Payroll and HR Expert, and Szilvia Sarkadi-Nagy, Managing Partner at MGI-BPO and specialist in payroll, tax, and accounting services, presented the latest updates on employee tax and contribution rules.<\/p>\n<\/li>\n<li data-start=\"1616\" data-end=\"1812\">\n<p data-start=\"1618\" data-end=\"1812\"><strong data-start=\"1618\" data-end=\"1646\">Technical Administration<\/strong> \u2013 Patr\u00edcia Baranyai, Client Relations Officer and Office Manager, gave a surprise talk on the complex registration and authorization processes affecting companies.<\/p>\n<\/li>\n<li data-start=\"1814\" data-end=\"1976\">\n<p data-start=\"1816\" data-end=\"1976\"><strong data-start=\"1816\" data-end=\"1849\">KIVA, Corporate Tax, and More<\/strong> \u2013 L\u00e1szl\u00f3 Killik, Managing Partner at MGI-BPO and expert in audit and tax services, summarized other \u201cexciting\u201d developments.<\/p>\n<\/li>\n<\/ul>\n<p data-start=\"1978\" data-end=\"2009\"><strong data-start=\"1978\" data-end=\"2007\">Community and Connections<\/strong><\/p>\n<p data-start=\"2011\" data-end=\"2402\">It was wonderful to see both AUDIT department clients (audit services) and TAX department clients (accounting and tax advisory) attending in large numbers, along with our account managers. We were particularly delighted to welcome a client who attended the very first conference 15 years ago and was with us again this year. This is the greatest feedback for us: we create long-term value.<\/p>\n<p data-start=\"2404\" data-end=\"2693\">At the end of the conference, a communal lunch provided an opportunity for informal conversations \u2013 sometimes about professional matters, sometimes about where the children go to school. It feels great to work in a community where the services we provide genuinely matter to our clients.<\/p>\n<p data-start=\"2695\" data-end=\"2775\">Thank you to everyone who joined us! We\u2019ll definitely see you again next year.<\/p>\n<p data-start=\"2777\" data-end=\"2815\"><strong data-start=\"2777\" data-end=\"2813\">Gallery \u2013 Moments from the Event<\/strong><\/p>\n<p data-start=\"2817\" data-end=\"2860\">Check out the photos from the conference:<\/p>\n<div id='gallery-1' class='gallery galleryid-6249 gallery-columns-3 gallery-size-thumbnail'><figure class='gallery-item'>\n\t\t\t<div class='gallery-icon portrait'>\n\t\t\t\t<a href='https:\/\/mgi-bpo.hu\/en\/news\/tax-conference-2025-brief-concise-to-the-point\/attachment\/20251204-090748-3-2\/'><img loading=\"lazy\" decoding=\"async\" width=\"300\" height=\"300\" src=\"https:\/\/mgi-bpo.hu\/wp-content\/uploads\/2025\/12\/adokonferencia-2025-roviden-tomoren-lenyegre-toroen\/20251204-090748-4-300x300.jpg\" class=\"attachment-thumbnail size-thumbnail\" alt=\"S\u00fct\u0151 \u00c1gnes, KiberPajzs t\u00e1rs-projektgazda el\u0151ad\u00e1sa az Ad\u00f3konferencia 2026 rendezv\u00e9nyen.\" srcset=\"https:\/\/mgi-bpo.hu\/wp-content\/uploads\/2025\/12\/adokonferencia-2025-roviden-tomoren-lenyegre-toroen\/20251204-090748-4-300x300.jpg 300w, https:\/\/mgi-bpo.hu\/wp-content\/uploads\/2025\/12\/adokonferencia-2025-roviden-tomoren-lenyegre-toroen\/20251204-090748-4-600x600.jpg 600w\" sizes=\"auto, (max-width: 300px) 100vw, 300px\" \/><\/a>\n\t\t\t<\/div><\/figure><figure class='gallery-item'>\n\t\t\t<div class='gallery-icon portrait'>\n\t\t\t\t<a href='https:\/\/mgi-bpo.hu\/en\/news\/tax-conference-2025-brief-concise-to-the-point\/attachment\/20251204-091033-2-2\/'><img loading=\"lazy\" decoding=\"async\" width=\"300\" height=\"300\" src=\"https:\/\/mgi-bpo.hu\/wp-content\/uploads\/2025\/12\/adokonferencia-2025-roviden-tomoren-lenyegre-toroen\/20251204-091033-1-300x300.jpg\" class=\"attachment-thumbnail size-thumbnail\" alt=\"S\u00fct\u0151 \u00c1gnes, KiberPajzs t\u00e1rs-projektgazda el\u0151ad\u00e1sa az Ad\u00f3konferencia 2026 rendezv\u00e9nyen.\" srcset=\"https:\/\/mgi-bpo.hu\/wp-content\/uploads\/2025\/12\/adokonferencia-2025-roviden-tomoren-lenyegre-toroen\/20251204-091033-1-300x300.jpg 300w, https:\/\/mgi-bpo.hu\/wp-content\/uploads\/2025\/12\/adokonferencia-2025-roviden-tomoren-lenyegre-toroen\/20251204-091033-1-600x600.jpg 600w\" sizes=\"auto, (max-width: 300px) 100vw, 300px\" \/><\/a>\n\t\t\t<\/div><\/figure><figure class='gallery-item'>\n\t\t\t<div class='gallery-icon portrait'>\n\t\t\t\t<a href='https:\/\/mgi-bpo.hu\/en\/news\/tax-conference-2025-brief-concise-to-the-point\/attachment\/20251204-090919-2-2\/'><img loading=\"lazy\" decoding=\"async\" width=\"300\" height=\"300\" src=\"https:\/\/mgi-bpo.hu\/wp-content\/uploads\/2025\/12\/adokonferencia-2025-roviden-tomoren-lenyegre-toroen\/20251204-090919-1-300x300.jpg\" class=\"attachment-thumbnail size-thumbnail\" alt=\"S\u00fct\u0151 \u00c1gnes, KiberPajzs t\u00e1rs-projektgazda el\u0151ad\u00e1sa az Ad\u00f3konferencia 2026 rendezv\u00e9nyen.\" srcset=\"https:\/\/mgi-bpo.hu\/wp-content\/uploads\/2025\/12\/adokonferencia-2025-roviden-tomoren-lenyegre-toroen\/20251204-090919-1-300x300.jpg 300w, https:\/\/mgi-bpo.hu\/wp-content\/uploads\/2025\/12\/adokonferencia-2025-roviden-tomoren-lenyegre-toroen\/20251204-090919-1-600x600.jpg 600w\" sizes=\"auto, (max-width: 300px) 100vw, 300px\" \/><\/a>\n\t\t\t<\/div><\/figure><figure class='gallery-item'>\n\t\t\t<div class='gallery-icon portrait'>\n\t\t\t\t<a href='https:\/\/mgi-bpo.hu\/en\/news\/tax-conference-2025-brief-concise-to-the-point\/attachment\/20251204-093705-2\/'><img loading=\"lazy\" decoding=\"async\" width=\"300\" height=\"300\" src=\"https:\/\/mgi-bpo.hu\/wp-content\/uploads\/2025\/12\/adokonferencia-2025-roviden-tomoren-lenyegre-toroen\/20251204-093705-1-300x300.jpg\" class=\"attachment-thumbnail size-thumbnail\" alt=\"Sarkadi-Nagy Szilvia \u00fcgyvezet\u0151 \u00e9s Kov\u00e1cs Ildik\u00f3 szak\u00e9rt\u0151 b\u00e9r \u00e9s TB-el\u0151ad\u00e1sa az Ad\u00f3konferencia 2026 rendezv\u00e9nyen.\" srcset=\"https:\/\/mgi-bpo.hu\/wp-content\/uploads\/2025\/12\/adokonferencia-2025-roviden-tomoren-lenyegre-toroen\/20251204-093705-1-300x300.jpg 300w, https:\/\/mgi-bpo.hu\/wp-content\/uploads\/2025\/12\/adokonferencia-2025-roviden-tomoren-lenyegre-toroen\/20251204-093705-1-600x600.jpg 600w\" sizes=\"auto, (max-width: 300px) 100vw, 300px\" \/><\/a>\n\t\t\t<\/div><\/figure><figure class='gallery-item'>\n\t\t\t<div class='gallery-icon portrait'>\n\t\t\t\t<a href='https:\/\/mgi-bpo.hu\/en\/news\/tax-conference-2025-brief-concise-to-the-point\/attachment\/20251204-093844-2-2\/'><img loading=\"lazy\" decoding=\"async\" width=\"300\" height=\"300\" src=\"https:\/\/mgi-bpo.hu\/wp-content\/uploads\/2025\/12\/adokonferencia-2025-roviden-tomoren-lenyegre-toroen\/20251204-093844-1-300x300.jpg\" class=\"attachment-thumbnail size-thumbnail\" alt=\"Sarkadi-Nagy Szilvia \u00fcgyvezet\u0151 \u00e9s Kov\u00e1cs Ildik\u00f3 szak\u00e9rt\u0151 b\u00e9r \u00e9s TB-el\u0151ad\u00e1sa az Ad\u00f3konferencia 2026 rendezv\u00e9nyen.\" srcset=\"https:\/\/mgi-bpo.hu\/wp-content\/uploads\/2025\/12\/adokonferencia-2025-roviden-tomoren-lenyegre-toroen\/20251204-093844-1-300x300.jpg 300w, https:\/\/mgi-bpo.hu\/wp-content\/uploads\/2025\/12\/adokonferencia-2025-roviden-tomoren-lenyegre-toroen\/20251204-093844-1-600x600.jpg 600w\" sizes=\"auto, (max-width: 300px) 100vw, 300px\" \/><\/a>\n\t\t\t<\/div><\/figure><figure class='gallery-item'>\n\t\t\t<div class='gallery-icon landscape'>\n\t\t\t\t<a href='https:\/\/mgi-bpo.hu\/en\/news\/tax-conference-2025-brief-concise-to-the-point\/attachment\/20251204-100831-2-2\/'><img loading=\"lazy\" decoding=\"async\" width=\"300\" height=\"300\" src=\"https:\/\/mgi-bpo.hu\/wp-content\/uploads\/2025\/12\/adokonferencia-2025-roviden-tomoren-lenyegre-toroen\/20251204-100831-1-300x300.jpg\" class=\"attachment-thumbnail size-thumbnail\" alt=\"Baranyai Patr\u00edcia irodavezet\u0151 el\u0151ad\u00e1sa a Digit\u00e1lis \u00c1llamr\u00f3l az Ad\u00f3konferencia 2026 rendezv\u00e9nyen.\" srcset=\"https:\/\/mgi-bpo.hu\/wp-content\/uploads\/2025\/12\/adokonferencia-2025-roviden-tomoren-lenyegre-toroen\/20251204-100831-1-300x300.jpg 300w, https:\/\/mgi-bpo.hu\/wp-content\/uploads\/2025\/12\/adokonferencia-2025-roviden-tomoren-lenyegre-toroen\/20251204-100831-1-600x600.jpg 600w\" sizes=\"auto, (max-width: 300px) 100vw, 300px\" \/><\/a>\n\t\t\t<\/div><\/figure><figure class='gallery-item'>\n\t\t\t<div class='gallery-icon portrait'>\n\t\t\t\t<a href='https:\/\/mgi-bpo.hu\/en\/news\/tax-conference-2025-brief-concise-to-the-point\/attachment\/20251204-100800-2-2\/'><img loading=\"lazy\" decoding=\"async\" width=\"300\" height=\"300\" src=\"https:\/\/mgi-bpo.hu\/wp-content\/uploads\/2025\/12\/adokonferencia-2025-roviden-tomoren-lenyegre-toroen\/20251204-100800-1-300x300.jpg\" class=\"attachment-thumbnail size-thumbnail\" alt=\"Baranyai Patr\u00edcia irodavezet\u0151 el\u0151ad\u00e1sa a Digit\u00e1lis \u00c1llamr\u00f3l az Ad\u00f3konferencia 2026 rendezv\u00e9nyen.\" srcset=\"https:\/\/mgi-bpo.hu\/wp-content\/uploads\/2025\/12\/adokonferencia-2025-roviden-tomoren-lenyegre-toroen\/20251204-100800-1-300x300.jpg 300w, https:\/\/mgi-bpo.hu\/wp-content\/uploads\/2025\/12\/adokonferencia-2025-roviden-tomoren-lenyegre-toroen\/20251204-100800-1-600x600.jpg 600w\" sizes=\"auto, (max-width: 300px) 100vw, 300px\" \/><\/a>\n\t\t\t<\/div><\/figure><figure class='gallery-item'>\n\t\t\t<div class='gallery-icon portrait'>\n\t\t\t\t<a href='https:\/\/mgi-bpo.hu\/en\/news\/tax-conference-2025-brief-concise-to-the-point\/attachment\/20251204-110156-2-2\/'><img loading=\"lazy\" decoding=\"async\" width=\"300\" height=\"300\" src=\"https:\/\/mgi-bpo.hu\/wp-content\/uploads\/2025\/12\/adokonferencia-2025-roviden-tomoren-lenyegre-toroen\/20251204-110156-1-300x300.jpg\" class=\"attachment-thumbnail size-thumbnail\" alt=\"Kov\u00e1cs Zs\u00f3fi ad\u00f3jogi szakjog\u00e1sz el\u0151ad\u00e1sa az Ad\u00f3konferencia 2026 rendezv\u00e9nyen.\" srcset=\"https:\/\/mgi-bpo.hu\/wp-content\/uploads\/2025\/12\/adokonferencia-2025-roviden-tomoren-lenyegre-toroen\/20251204-110156-1-300x300.jpg 300w, https:\/\/mgi-bpo.hu\/wp-content\/uploads\/2025\/12\/adokonferencia-2025-roviden-tomoren-lenyegre-toroen\/20251204-110156-1-600x600.jpg 600w\" sizes=\"auto, (max-width: 300px) 100vw, 300px\" \/><\/a>\n\t\t\t<\/div><\/figure><figure class='gallery-item'>\n\t\t\t<div class='gallery-icon portrait'>\n\t\t\t\t<a href='https:\/\/mgi-bpo.hu\/en\/news\/tax-conference-2025-brief-concise-to-the-point\/attachment\/20251204-110435-2-2\/'><img loading=\"lazy\" decoding=\"async\" width=\"300\" height=\"300\" src=\"https:\/\/mgi-bpo.hu\/wp-content\/uploads\/2025\/12\/adokonferencia-2025-roviden-tomoren-lenyegre-toroen\/20251204-110435-1-300x300.jpg\" class=\"attachment-thumbnail size-thumbnail\" alt=\"Kov\u00e1cs Zs\u00f3fi ad\u00f3jogi szakjog\u00e1sz el\u0151ad\u00e1sa az Ad\u00f3konferencia 2026 rendezv\u00e9nyen.\" srcset=\"https:\/\/mgi-bpo.hu\/wp-content\/uploads\/2025\/12\/adokonferencia-2025-roviden-tomoren-lenyegre-toroen\/20251204-110435-1-300x300.jpg 300w, https:\/\/mgi-bpo.hu\/wp-content\/uploads\/2025\/12\/adokonferencia-2025-roviden-tomoren-lenyegre-toroen\/20251204-110435-1-600x600.jpg 600w\" sizes=\"auto, (max-width: 300px) 100vw, 300px\" \/><\/a>\n\t\t\t<\/div><\/figure><figure class='gallery-item'>\n\t\t\t<div class='gallery-icon landscape'>\n\t\t\t\t<a href='https:\/\/mgi-bpo.hu\/en\/news\/tax-conference-2025-brief-concise-to-the-point\/attachment\/20251204-110327-2-2\/'><img loading=\"lazy\" decoding=\"async\" width=\"300\" height=\"300\" src=\"https:\/\/mgi-bpo.hu\/wp-content\/uploads\/2025\/12\/adokonferencia-2025-roviden-tomoren-lenyegre-toroen\/20251204-110327-1-300x300.jpg\" class=\"attachment-thumbnail size-thumbnail\" alt=\"Kov\u00e1cs Zs\u00f3fi ad\u00f3jogi szakjog\u00e1sz el\u0151ad\u00e1sa az Ad\u00f3konferencia 2026 rendezv\u00e9nyen.\" srcset=\"https:\/\/mgi-bpo.hu\/wp-content\/uploads\/2025\/12\/adokonferencia-2025-roviden-tomoren-lenyegre-toroen\/20251204-110327-1-300x300.jpg 300w, https:\/\/mgi-bpo.hu\/wp-content\/uploads\/2025\/12\/adokonferencia-2025-roviden-tomoren-lenyegre-toroen\/20251204-110327-1-600x600.jpg 600w\" sizes=\"auto, (max-width: 300px) 100vw, 300px\" \/><\/a>\n\t\t\t<\/div><\/figure><figure class='gallery-item'>\n\t\t\t<div class='gallery-icon portrait'>\n\t\t\t\t<a href='https:\/\/mgi-bpo.hu\/en\/news\/tax-conference-2025-brief-concise-to-the-point\/attachment\/20251204-115709-2-2\/'><img loading=\"lazy\" decoding=\"async\" width=\"300\" height=\"300\" src=\"https:\/\/mgi-bpo.hu\/wp-content\/uploads\/2025\/12\/adokonferencia-2025-roviden-tomoren-lenyegre-toroen\/20251204-115709-1-300x300.jpg\" class=\"attachment-thumbnail size-thumbnail\" alt=\"Killik L\u00e1szl\u00f3 \u00fcgyvezet\u0151\" srcset=\"https:\/\/mgi-bpo.hu\/wp-content\/uploads\/2025\/12\/adokonferencia-2025-roviden-tomoren-lenyegre-toroen\/20251204-115709-1-300x300.jpg 300w, https:\/\/mgi-bpo.hu\/wp-content\/uploads\/2025\/12\/adokonferencia-2025-roviden-tomoren-lenyegre-toroen\/20251204-115709-1-600x600.jpg 600w\" sizes=\"auto, (max-width: 300px) 100vw, 300px\" \/><\/a>\n\t\t\t<\/div><\/figure><figure class='gallery-item'>\n\t\t\t<div class='gallery-icon portrait'>\n\t\t\t\t<a href='https:\/\/mgi-bpo.hu\/en\/news\/tax-conference-2025-brief-concise-to-the-point\/attachment\/20251204-115800-2-2\/'><img loading=\"lazy\" decoding=\"async\" width=\"300\" height=\"300\" src=\"https:\/\/mgi-bpo.hu\/wp-content\/uploads\/2025\/12\/adokonferencia-2025-roviden-tomoren-lenyegre-toroen\/20251204-115800-1-300x300.jpg\" class=\"attachment-thumbnail size-thumbnail\" alt=\"Killik L\u00e1szl\u00f3 \u00fcgyvezet\u0151, k\u00f6nyvvizsg\u00e1lati \u00e9s ad\u00f3szolg\u00e1ltat\u00e1si szak\u00e9rt\u0151 el\u0151ad\u00e1sa az Ad\u00f3konferencia 2026 rendezv\u00e9nyen.\" srcset=\"https:\/\/mgi-bpo.hu\/wp-content\/uploads\/2025\/12\/adokonferencia-2025-roviden-tomoren-lenyegre-toroen\/20251204-115800-1-300x300.jpg 300w, https:\/\/mgi-bpo.hu\/wp-content\/uploads\/2025\/12\/adokonferencia-2025-roviden-tomoren-lenyegre-toroen\/20251204-115800-1-600x600.jpg 600w\" sizes=\"auto, (max-width: 300px) 100vw, 300px\" \/><\/a>\n\t\t\t<\/div><\/figure>\n\t\t<\/div>\n\n","protected":false},"featured_media":6252,"template":"","tags":[554],"evszam":[1031],"szakmai_cimke":[1248,1244,1245,1002,1247,1246,862,783,778,863,861,1243,524],"class_list":["post-6249","szakmai-hirek","type-szakmai-hirek","status-publish","has-post-thumbnail","hentry","tag-highlighted","evszam-2026-en","szakmai_cimke-businesscommunity","szakmai_cimke-businessevent","szakmai_cimke-clientevent","szakmai_cimke-corporatetax","szakmai_cimke-cybersecurity","szakmai_cimke-employmentlaw","szakmai_cimke-kiva-en","szakmai_cimke-partnership","szakmai_cimke-payroll","szakmai_cimke-tao-en","szakmai_cimke-taxadvice","szakmai_cimke-taxconference","szakmai_cimke-vat"],"yoast_head":"<!-- This site is optimized with the Yoast SEO plugin v25.9 - https:\/\/yoast.com\/wordpress\/plugins\/seo\/ -->\n<title>Tax Conference 2025 \u2013 Brief, Concise, to the Point - MGI-BPO<\/title>\n<meta name=\"robots\" content=\"index, follow, max-snippet:-1, max-image-preview:large, max-video-preview:-1\" \/>\n<link rel=\"canonical\" href=\"https:\/\/mgi-bpo.hu\/en\/news\/tax-conference-2025-brief-concise-to-the-point\/\" \/>\n<meta property=\"og:locale\" content=\"en_US\" \/>\n<meta property=\"og:type\" content=\"article\" \/>\n<meta property=\"og:title\" content=\"Tax Conference 2025 \u2013 Brief, Concise, to the Point - MGI-BPO\" \/>\n<meta property=\"og:description\" content=\"Last Thursday, we once again held our annual Tax Conference, a tradition among our clients for over 15 years. We are proud that this series continued uninterrupted even during the\" \/>\n<meta property=\"og:url\" content=\"https:\/\/mgi-bpo.hu\/en\/news\/tax-conference-2025-brief-concise-to-the-point\/\" \/>\n<meta property=\"og:site_name\" content=\"MGI-BPO\" \/>\n<meta property=\"article:modified_time\" content=\"2025-12-09T13:55:08+00:00\" \/>\n<meta property=\"og:image\" content=\"https:\/\/s3-eu-central-1.amazonaws.com\/mgi-bpo.hu\/wp-media-folder-mgi-bpo\/wp-content\/uploads\/2025\/12\/tax-conference-2025-brief-concise-to-the-point\/tax-conference-2026.png\" \/>\n\t<meta property=\"og:image:width\" content=\"2000\" \/>\n\t<meta property=\"og:image:height\" content=\"1414\" \/>\n\t<meta property=\"og:image:type\" content=\"image\/png\" \/>\n<meta name=\"twitter:card\" content=\"summary_large_image\" \/>\n<meta name=\"twitter:label1\" content=\"Est. reading time\" \/>\n\t<meta name=\"twitter:data1\" content=\"3 minutes\" \/>\n<script type=\"application\/ld+json\" class=\"yoast-schema-graph\">{\"@context\":\"https:\/\/schema.org\",\"@graph\":[{\"@type\":\"WebPage\",\"@id\":\"https:\/\/mgi-bpo.hu\/en\/news\/tax-conference-2025-brief-concise-to-the-point\/\",\"url\":\"https:\/\/mgi-bpo.hu\/en\/news\/tax-conference-2025-brief-concise-to-the-point\/\",\"name\":\"Tax Conference 2025 \u2013 Brief, Concise, to the Point - MGI-BPO\",\"isPartOf\":{\"@id\":\"https:\/\/mgi-bpo.hu\/en\/#website\"},\"primaryImageOfPage\":{\"@id\":\"https:\/\/mgi-bpo.hu\/en\/news\/tax-conference-2025-brief-concise-to-the-point\/#primaryimage\"},\"image\":{\"@id\":\"https:\/\/mgi-bpo.hu\/en\/news\/tax-conference-2025-brief-concise-to-the-point\/#primaryimage\"},\"thumbnailUrl\":\"https:\/\/s3-eu-central-1.amazonaws.com\/mgi-bpo.hu\/wp-media-folder-mgi-bpo\/wp-content\/uploads\/2025\/12\/tax-conference-2025-brief-concise-to-the-point\/tax-conference-2026.png\",\"datePublished\":\"2025-12-09T13:43:28+00:00\",\"dateModified\":\"2025-12-09T13:55:08+00:00\",\"breadcrumb\":{\"@id\":\"https:\/\/mgi-bpo.hu\/en\/news\/tax-conference-2025-brief-concise-to-the-point\/#breadcrumb\"},\"inLanguage\":\"en-US\",\"potentialAction\":[{\"@type\":\"ReadAction\",\"target\":[\"https:\/\/mgi-bpo.hu\/en\/news\/tax-conference-2025-brief-concise-to-the-point\/\"]}]},{\"@type\":\"ImageObject\",\"inLanguage\":\"en-US\",\"@id\":\"https:\/\/mgi-bpo.hu\/en\/news\/tax-conference-2025-brief-concise-to-the-point\/#primaryimage\",\"url\":\"https:\/\/s3-eu-central-1.amazonaws.com\/mgi-bpo.hu\/wp-media-folder-mgi-bpo\/wp-content\/uploads\/2025\/12\/tax-conference-2025-brief-concise-to-the-point\/tax-conference-2026.png\",\"contentUrl\":\"https:\/\/s3-eu-central-1.amazonaws.com\/mgi-bpo.hu\/wp-media-folder-mgi-bpo\/wp-content\/uploads\/2025\/12\/tax-conference-2025-brief-concise-to-the-point\/tax-conference-2026.png\",\"width\":2000,\"height\":1414},{\"@type\":\"BreadcrumbList\",\"@id\":\"https:\/\/mgi-bpo.hu\/en\/news\/tax-conference-2025-brief-concise-to-the-point\/#breadcrumb\",\"itemListElement\":[{\"@type\":\"ListItem\",\"position\":1,\"name\":\"Home\",\"item\":\"https:\/\/mgi-bpo.hu\/en\/\"},{\"@type\":\"ListItem\",\"position\":2,\"name\":\"News\",\"item\":\"https:\/\/mgi-bpo.hu\/en\/news\/\"},{\"@type\":\"ListItem\",\"position\":3,\"name\":\"Tax Conference 2025 \u2013 Brief, Concise, to the Point\"}]},{\"@type\":\"WebSite\",\"@id\":\"https:\/\/mgi-bpo.hu\/en\/#website\",\"url\":\"https:\/\/mgi-bpo.hu\/en\/\",\"name\":\"MGI-BPO\",\"description\":\"\",\"potentialAction\":[{\"@type\":\"SearchAction\",\"target\":{\"@type\":\"EntryPoint\",\"urlTemplate\":\"https:\/\/mgi-bpo.hu\/en\/?s={search_term_string}\"},\"query-input\":{\"@type\":\"PropertyValueSpecification\",\"valueRequired\":true,\"valueName\":\"search_term_string\"}}],\"inLanguage\":\"en-US\"}]}<\/script>\n<!-- \/ Yoast SEO plugin. -->","yoast_head_json":{"title":"Tax Conference 2025 \u2013 Brief, Concise, to the Point - MGI-BPO","robots":{"index":"index","follow":"follow","max-snippet":"max-snippet:-1","max-image-preview":"max-image-preview:large","max-video-preview":"max-video-preview:-1"},"canonical":"https:\/\/mgi-bpo.hu\/en\/news\/tax-conference-2025-brief-concise-to-the-point\/","og_locale":"en_US","og_type":"article","og_title":"Tax Conference 2025 \u2013 Brief, Concise, to the Point - MGI-BPO","og_description":"Last Thursday, we once again held our annual Tax Conference, a tradition among our clients for over 15 years. We are proud that this series continued uninterrupted even during the","og_url":"https:\/\/mgi-bpo.hu\/en\/news\/tax-conference-2025-brief-concise-to-the-point\/","og_site_name":"MGI-BPO","article_modified_time":"2025-12-09T13:55:08+00:00","og_image":[{"width":2000,"height":1414,"url":"https:\/\/s3-eu-central-1.amazonaws.com\/mgi-bpo.hu\/wp-media-folder-mgi-bpo\/wp-content\/uploads\/2025\/12\/tax-conference-2025-brief-concise-to-the-point\/tax-conference-2026.png","type":"image\/png"}],"twitter_card":"summary_large_image","twitter_misc":{"Est. reading time":"3 minutes"},"schema":{"@context":"https:\/\/schema.org","@graph":[{"@type":"WebPage","@id":"https:\/\/mgi-bpo.hu\/en\/news\/tax-conference-2025-brief-concise-to-the-point\/","url":"https:\/\/mgi-bpo.hu\/en\/news\/tax-conference-2025-brief-concise-to-the-point\/","name":"Tax Conference 2025 \u2013 Brief, Concise, to the Point - MGI-BPO","isPartOf":{"@id":"https:\/\/mgi-bpo.hu\/en\/#website"},"primaryImageOfPage":{"@id":"https:\/\/mgi-bpo.hu\/en\/news\/tax-conference-2025-brief-concise-to-the-point\/#primaryimage"},"image":{"@id":"https:\/\/mgi-bpo.hu\/en\/news\/tax-conference-2025-brief-concise-to-the-point\/#primaryimage"},"thumbnailUrl":"https:\/\/s3-eu-central-1.amazonaws.com\/mgi-bpo.hu\/wp-media-folder-mgi-bpo\/wp-content\/uploads\/2025\/12\/tax-conference-2025-brief-concise-to-the-point\/tax-conference-2026.png","datePublished":"2025-12-09T13:43:28+00:00","dateModified":"2025-12-09T13:55:08+00:00","breadcrumb":{"@id":"https:\/\/mgi-bpo.hu\/en\/news\/tax-conference-2025-brief-concise-to-the-point\/#breadcrumb"},"inLanguage":"en-US","potentialAction":[{"@type":"ReadAction","target":["https:\/\/mgi-bpo.hu\/en\/news\/tax-conference-2025-brief-concise-to-the-point\/"]}]},{"@type":"ImageObject","inLanguage":"en-US","@id":"https:\/\/mgi-bpo.hu\/en\/news\/tax-conference-2025-brief-concise-to-the-point\/#primaryimage","url":"https:\/\/s3-eu-central-1.amazonaws.com\/mgi-bpo.hu\/wp-media-folder-mgi-bpo\/wp-content\/uploads\/2025\/12\/tax-conference-2025-brief-concise-to-the-point\/tax-conference-2026.png","contentUrl":"https:\/\/s3-eu-central-1.amazonaws.com\/mgi-bpo.hu\/wp-media-folder-mgi-bpo\/wp-content\/uploads\/2025\/12\/tax-conference-2025-brief-concise-to-the-point\/tax-conference-2026.png","width":2000,"height":1414},{"@type":"BreadcrumbList","@id":"https:\/\/mgi-bpo.hu\/en\/news\/tax-conference-2025-brief-concise-to-the-point\/#breadcrumb","itemListElement":[{"@type":"ListItem","position":1,"name":"Home","item":"https:\/\/mgi-bpo.hu\/en\/"},{"@type":"ListItem","position":2,"name":"News","item":"https:\/\/mgi-bpo.hu\/en\/news\/"},{"@type":"ListItem","position":3,"name":"Tax Conference 2025 \u2013 Brief, Concise, to the Point"}]},{"@type":"WebSite","@id":"https:\/\/mgi-bpo.hu\/en\/#website","url":"https:\/\/mgi-bpo.hu\/en\/","name":"MGI-BPO","description":"","potentialAction":[{"@type":"SearchAction","target":{"@type":"EntryPoint","urlTemplate":"https:\/\/mgi-bpo.hu\/en\/?s={search_term_string}"},"query-input":{"@type":"PropertyValueSpecification","valueRequired":true,"valueName":"search_term_string"}}],"inLanguage":"en-US"}]}},"_links":{"self":[{"href":"https:\/\/mgi-bpo.hu\/en\/wp-json\/wp\/v2\/szakmai-hirek\/6249","targetHints":{"allow":["GET"]}}],"collection":[{"href":"https:\/\/mgi-bpo.hu\/en\/wp-json\/wp\/v2\/szakmai-hirek"}],"about":[{"href":"https:\/\/mgi-bpo.hu\/en\/wp-json\/wp\/v2\/types\/szakmai-hirek"}],"wp:featuredmedia":[{"embeddable":true,"href":"https:\/\/mgi-bpo.hu\/en\/wp-json\/wp\/v2\/media\/6252"}],"wp:attachment":[{"href":"https:\/\/mgi-bpo.hu\/en\/wp-json\/wp\/v2\/media?parent=6249"}],"wp:term":[{"taxonomy":"post_tag","embeddable":true,"href":"https:\/\/mgi-bpo.hu\/en\/wp-json\/wp\/v2\/tags?post=6249"},{"taxonomy":"evszam","embeddable":true,"href":"https:\/\/mgi-bpo.hu\/en\/wp-json\/wp\/v2\/evszam?post=6249"},{"taxonomy":"szakmai_cimke","embeddable":true,"href":"https:\/\/mgi-bpo.hu\/en\/wp-json\/wp\/v2\/szakmai_cimke?post=6249"}],"curies":[{"name":"wp","href":"https:\/\/api.w.org\/{rel}","templated":true}]}}